{"version":"1.0","provider_name":"La carte buissonni\u00e8re","provider_url":"https:\/\/lacartebuissonniere.fr","author_name":"Carte buissonni\u00e8re","author_url":"https:\/\/lacartebuissonniere.fr\/index.php\/author\/carteb\/","title":"Le ginkgo pleureur du jardin d\u2019Albert Kahn - La carte buissonni\u00e8re","type":"rich","width":600,"height":338,"html":"<blockquote class=\"wp-embedded-content\" data-secret=\"xtG6AoVAho\"><a href=\"https:\/\/lacartebuissonniere.fr\/index.php\/2022\/11\/17\/le-ginkgo-pleureur-du-jardin-dalbert-kahn\/\">Le ginkgo pleureur du jardin d\u2019Albert Kahn<\/a><\/blockquote><iframe sandbox=\"allow-scripts\" security=\"restricted\" src=\"https:\/\/lacartebuissonniere.fr\/index.php\/2022\/11\/17\/le-ginkgo-pleureur-du-jardin-dalbert-kahn\/embed\/#?secret=xtG6AoVAho\" width=\"600\" height=\"338\" title=\"\u00ab\u00a0Le ginkgo pleureur du jardin d\u2019Albert Kahn\u00a0\u00bb &#8212; La carte buissonni\u00e8re\" data-secret=\"xtG6AoVAho\" frameborder=\"0\" marginwidth=\"0\" marginheight=\"0\" scrolling=\"no\" class=\"wp-embedded-content\"><\/iframe><script>\n\/*! This file is auto-generated *\/\n!function(d,l){\"use strict\";l.querySelector&&d.addEventListener&&\"undefined\"!=typeof URL&&(d.wp=d.wp||{},d.wp.receiveEmbedMessage||(d.wp.receiveEmbedMessage=function(e){var t=e.data;if((t||t.secret||t.message||t.value)&&!\/[^a-zA-Z0-9]\/.test(t.secret)){for(var s,r,n,a=l.querySelectorAll('iframe[data-secret=\"'+t.secret+'\"]'),o=l.querySelectorAll('blockquote[data-secret=\"'+t.secret+'\"]'),c=new RegExp(\"^https?:$\",\"i\"),i=0;i<o.length;i++)o[i].style.display=\"none\";for(i=0;i<a.length;i++)s=a[i],e.source===s.contentWindow&&(s.removeAttribute(\"style\"),\"height\"===t.message?(1e3<(r=parseInt(t.value,10))?r=1e3:~~r<200&&(r=200),s.height=r):\"link\"===t.message&&(r=new URL(s.getAttribute(\"src\")),n=new URL(t.value),c.test(n.protocol))&&n.host===r.host&&l.activeElement===s&&(d.top.location.href=t.value))}},d.addEventListener(\"message\",d.wp.receiveEmbedMessage,!1),l.addEventListener(\"DOMContentLoaded\",function(){for(var e,t,s=l.querySelectorAll(\"iframe.wp-embedded-content\"),r=0;r<s.length;r++)(t=(e=s[r]).getAttribute(\"data-secret\"))||(t=Math.random().toString(36).substring(2,12),e.src+=\"#?secret=\"+t,e.setAttribute(\"data-secret\",t)),e.contentWindow.postMessage({message:\"ready\",secret:t},\"*\")},!1)))}(window,document);\n\/\/# sourceURL=https:\/\/lacartebuissonniere.fr\/wp-includes\/js\/wp-embed.min.js\n<\/script>\n","description":"Le jardin d\u2019Albert Kahn, situ\u00e9 \u00e0 Boulogne-Billancourt, est un ravissement pour le promeneur en toute saison. Il m\u00eale jardins japonais, anglais, fran\u00e7ais, verger-roseraie, for\u00eats bleue, dor\u00e9e et vosgienne. En automne, le flamboiement de ses \u00e9rables japonais vaut \u00e0 lui seul le d\u00e9tour\u00a0: On peut appr\u00e9cier \u00e9galement la beaut\u00e9 de ses ginkgos et s\u2019attarder sur un [&hellip;]","thumbnail_url":"https:\/\/lacartebuissonniere.fr\/wp-content\/uploads\/2022\/11\/4C71904F-C604-40A2-B969-DB894E2C9FD0_1_105_c.jpeg"}