{"version":"1.0","provider_name":"La carte buissonni\u00e8re","provider_url":"https:\/\/lacartebuissonniere.fr","author_name":"Carte buissonni\u00e8re","author_url":"https:\/\/lacartebuissonniere.fr\/index.php\/author\/carteb\/","title":"Sous le signe de la m\u00fbre - La carte buissonni\u00e8re","type":"rich","width":600,"height":338,"html":"<blockquote class=\"wp-embedded-content\" data-secret=\"hesWZLE4Bl\"><a href=\"https:\/\/lacartebuissonniere.fr\/index.php\/2023\/07\/27\/sous-le-signe-de-la-mure\/\">Sous le signe de la m\u00fbre<\/a><\/blockquote><iframe sandbox=\"allow-scripts\" security=\"restricted\" src=\"https:\/\/lacartebuissonniere.fr\/index.php\/2023\/07\/27\/sous-le-signe-de-la-mure\/embed\/#?secret=hesWZLE4Bl\" width=\"600\" height=\"338\" title=\"\u00ab\u00a0Sous le signe de la m\u00fbre\u00a0\u00bb &#8212; La carte buissonni\u00e8re\" data-secret=\"hesWZLE4Bl\" frameborder=\"0\" marginwidth=\"0\" marginheight=\"0\" scrolling=\"no\" class=\"wp-embedded-content\"><\/iframe><script>\n\/*! This file is auto-generated *\/\n!function(d,l){\"use strict\";l.querySelector&&d.addEventListener&&\"undefined\"!=typeof URL&&(d.wp=d.wp||{},d.wp.receiveEmbedMessage||(d.wp.receiveEmbedMessage=function(e){var t=e.data;if((t||t.secret||t.message||t.value)&&!\/[^a-zA-Z0-9]\/.test(t.secret)){for(var s,r,n,a=l.querySelectorAll('iframe[data-secret=\"'+t.secret+'\"]'),o=l.querySelectorAll('blockquote[data-secret=\"'+t.secret+'\"]'),c=new RegExp(\"^https?:$\",\"i\"),i=0;i<o.length;i++)o[i].style.display=\"none\";for(i=0;i<a.length;i++)s=a[i],e.source===s.contentWindow&&(s.removeAttribute(\"style\"),\"height\"===t.message?(1e3<(r=parseInt(t.value,10))?r=1e3:~~r<200&&(r=200),s.height=r):\"link\"===t.message&&(r=new URL(s.getAttribute(\"src\")),n=new URL(t.value),c.test(n.protocol))&&n.host===r.host&&l.activeElement===s&&(d.top.location.href=t.value))}},d.addEventListener(\"message\",d.wp.receiveEmbedMessage,!1),l.addEventListener(\"DOMContentLoaded\",function(){for(var e,t,s=l.querySelectorAll(\"iframe.wp-embedded-content\"),r=0;r<s.length;r++)(t=(e=s[r]).getAttribute(\"data-secret\"))||(t=Math.random().toString(36).substring(2,12),e.src+=\"#?secret=\"+t,e.setAttribute(\"data-secret\",t)),e.contentWindow.postMessage({message:\"ready\",secret:t},\"*\")},!1)))}(window,document);\n\/\/# sourceURL=https:\/\/lacartebuissonniere.fr\/wp-includes\/js\/wp-embed.min.js\n<\/script>\n","description":"Dans le calendrier r\u00e9publicain fran\u00e7ais, le 9e jour du mois de thermidor, souvent notre 27 juillet, \u00e9tait d\u00e9nomm\u00e9 jour de la m\u00fbre. Ovide nous apprend l\u2019origine de sa couleur sombre, comme il explique la naissance de l\u2019an\u00e9mone ou de l\u2019hyacinthe. Dans le chapitre IV des M\u00e9tamorphoses, il narre les amours de Pyrame et Thisb\u00e9. Ces [&hellip;]","thumbnail_url":"https:\/\/lacartebuissonniere.fr\/wp-content\/uploads\/2023\/07\/9C681E66-6E90-4F91-8647-ADDA52355CEE_1_201_a.jpeg"}