{"version":"1.0","provider_name":"La carte buissonni\u00e8re","provider_url":"https:\/\/lacartebuissonniere.fr","author_name":"Carte buissonni\u00e8re","author_url":"https:\/\/lacartebuissonniere.fr\/index.php\/author\/carteb\/","title":"Journ\u00e9e de l\u2019Europe - La carte buissonni\u00e8re","type":"rich","width":600,"height":338,"html":"<blockquote class=\"wp-embedded-content\" data-secret=\"XYrytN0Umi\"><a href=\"https:\/\/lacartebuissonniere.fr\/index.php\/2024\/05\/09\/journee-de-leurope\/\">Journ\u00e9e de l\u2019Europe<\/a><\/blockquote><iframe sandbox=\"allow-scripts\" security=\"restricted\" src=\"https:\/\/lacartebuissonniere.fr\/index.php\/2024\/05\/09\/journee-de-leurope\/embed\/#?secret=XYrytN0Umi\" width=\"600\" height=\"338\" title=\"\u00ab\u00a0Journ\u00e9e de l\u2019Europe\u00a0\u00bb &#8212; La carte buissonni\u00e8re\" data-secret=\"XYrytN0Umi\" frameborder=\"0\" marginwidth=\"0\" marginheight=\"0\" scrolling=\"no\" class=\"wp-embedded-content\"><\/iframe><script>\n\/*! This file is auto-generated *\/\n!function(d,l){\"use strict\";l.querySelector&&d.addEventListener&&\"undefined\"!=typeof URL&&(d.wp=d.wp||{},d.wp.receiveEmbedMessage||(d.wp.receiveEmbedMessage=function(e){var t=e.data;if((t||t.secret||t.message||t.value)&&!\/[^a-zA-Z0-9]\/.test(t.secret)){for(var s,r,n,a=l.querySelectorAll('iframe[data-secret=\"'+t.secret+'\"]'),o=l.querySelectorAll('blockquote[data-secret=\"'+t.secret+'\"]'),c=new RegExp(\"^https?:$\",\"i\"),i=0;i<o.length;i++)o[i].style.display=\"none\";for(i=0;i<a.length;i++)s=a[i],e.source===s.contentWindow&&(s.removeAttribute(\"style\"),\"height\"===t.message?(1e3<(r=parseInt(t.value,10))?r=1e3:~~r<200&&(r=200),s.height=r):\"link\"===t.message&&(r=new URL(s.getAttribute(\"src\")),n=new URL(t.value),c.test(n.protocol))&&n.host===r.host&&l.activeElement===s&&(d.top.location.href=t.value))}},d.addEventListener(\"message\",d.wp.receiveEmbedMessage,!1),l.addEventListener(\"DOMContentLoaded\",function(){for(var e,t,s=l.querySelectorAll(\"iframe.wp-embedded-content\"),r=0;r<s.length;r++)(t=(e=s[r]).getAttribute(\"data-secret\"))||(t=Math.random().toString(36).substring(2,12),e.src+=\"#?secret=\"+t,e.setAttribute(\"data-secret\",t)),e.contentWindow.postMessage({message:\"ready\",secret:t},\"*\")},!1)))}(window,document);\n\/\/# sourceURL=https:\/\/lacartebuissonniere.fr\/wp-includes\/js\/wp-embed.min.js\n<\/script>\n","description":"La journ\u00e9e du 9 mai comm\u00e9more la d\u00e9claration de Robert Schuman marquant le d\u00e9but de la construction communautaire en 1950. Les \u00c9tats membres organisent toutes sortes d\u2019\u00e9v\u00e9nements, afin de rappeler les origines et les \u00e9tapes de la construction europ\u00e9enne, de faire conna\u00eetre ses institutions, ses richesses culturelles, sa diversit\u00e9 linguistique\u2026 Cela valait bien une carte [&hellip;]","thumbnail_url":"https:\/\/lacartebuissonniere.fr\/wp-content\/uploads\/2024\/04\/IMG_2384-739x1024.jpeg"}