{"version":"1.0","provider_name":"La carte buissonni\u00e8re","provider_url":"https:\/\/lacartebuissonniere.fr","author_name":"Carte buissonni\u00e8re","author_url":"https:\/\/lacartebuissonniere.fr\/index.php\/author\/carteb\/","title":"Journ\u00e9e mondiale du pain - La carte buissonni\u00e8re","type":"rich","width":600,"height":338,"html":"<blockquote class=\"wp-embedded-content\" data-secret=\"MQ4TBBQnuU\"><a href=\"https:\/\/lacartebuissonniere.fr\/index.php\/2024\/10\/17\/journee-mondiale-du-pain\/\">Journ\u00e9e mondiale du pain<\/a><\/blockquote><iframe sandbox=\"allow-scripts\" security=\"restricted\" src=\"https:\/\/lacartebuissonniere.fr\/index.php\/2024\/10\/17\/journee-mondiale-du-pain\/embed\/#?secret=MQ4TBBQnuU\" width=\"600\" height=\"338\" title=\"\u00ab\u00a0Journ\u00e9e mondiale du pain\u00a0\u00bb &#8212; La carte buissonni\u00e8re\" data-secret=\"MQ4TBBQnuU\" frameborder=\"0\" marginwidth=\"0\" marginheight=\"0\" scrolling=\"no\" class=\"wp-embedded-content\"><\/iframe><script>\n\/*! This file is auto-generated *\/\n!function(d,l){\"use strict\";l.querySelector&&d.addEventListener&&\"undefined\"!=typeof URL&&(d.wp=d.wp||{},d.wp.receiveEmbedMessage||(d.wp.receiveEmbedMessage=function(e){var t=e.data;if((t||t.secret||t.message||t.value)&&!\/[^a-zA-Z0-9]\/.test(t.secret)){for(var s,r,n,a=l.querySelectorAll('iframe[data-secret=\"'+t.secret+'\"]'),o=l.querySelectorAll('blockquote[data-secret=\"'+t.secret+'\"]'),c=new RegExp(\"^https?:$\",\"i\"),i=0;i<o.length;i++)o[i].style.display=\"none\";for(i=0;i<a.length;i++)s=a[i],e.source===s.contentWindow&&(s.removeAttribute(\"style\"),\"height\"===t.message?(1e3<(r=parseInt(t.value,10))?r=1e3:~~r<200&&(r=200),s.height=r):\"link\"===t.message&&(r=new URL(s.getAttribute(\"src\")),n=new URL(t.value),c.test(n.protocol))&&n.host===r.host&&l.activeElement===s&&(d.top.location.href=t.value))}},d.addEventListener(\"message\",d.wp.receiveEmbedMessage,!1),l.addEventListener(\"DOMContentLoaded\",function(){for(var e,t,s=l.querySelectorAll(\"iframe.wp-embedded-content\"),r=0;r<s.length;r++)(t=(e=s[r]).getAttribute(\"data-secret\"))||(t=Math.random().toString(36).substring(2,12),e.src+=\"#?secret=\"+t,e.setAttribute(\"data-secret\",t)),e.contentWindow.postMessage({message:\"ready\",secret:t},\"*\")},!1)))}(window,document);\n\/\/# sourceURL=https:\/\/lacartebuissonniere.fr\/wp-includes\/js\/wp-embed.min.js\n<\/script>\n","description":"C\u2019\u00e9tait hier, et cette journ\u00e9e a \u00e9t\u00e9 cr\u00e9\u00e9e en 2006 \u00e0 l\u2019initiative de l\u2019Union Internationale des Boulangers et des P\u00e2tissiers (UIBC) en hommage \u00e0 cet aliment essentiel dans l\u2019alimentation de bien des populations. En France, nous en avons d\u2019autant plus conscience que la baguette est une institution&nbsp;! Ce symbole de la vie quotidienne a m\u00eame [&hellip;]","thumbnail_url":"https:\/\/lacartebuissonniere.fr\/wp-content\/uploads\/2024\/09\/Journee-mondiale-du-pain-1.jpeg"}