{"version":"1.0","provider_name":"La carte buissonni\u00e8re","provider_url":"https:\/\/lacartebuissonniere.fr","author_name":"Carte buissonni\u00e8re","author_url":"https:\/\/lacartebuissonniere.fr\/index.php\/author\/carteb\/","title":"All\u00e9gories de l\u2019automne aux raisins - La carte buissonni\u00e8re","type":"rich","width":600,"height":338,"html":"<blockquote class=\"wp-embedded-content\" data-secret=\"HKOt9gFA5R\"><a href=\"https:\/\/lacartebuissonniere.fr\/index.php\/2025\/09\/22\/allegories-de-lautomne-aux-raisins\/\">All\u00e9gories de l\u2019automne aux raisins<\/a><\/blockquote><iframe sandbox=\"allow-scripts\" security=\"restricted\" src=\"https:\/\/lacartebuissonniere.fr\/index.php\/2025\/09\/22\/allegories-de-lautomne-aux-raisins\/embed\/#?secret=HKOt9gFA5R\" width=\"600\" height=\"338\" title=\"\u00ab\u00a0All\u00e9gories de l\u2019automne aux raisins\u00a0\u00bb &#8212; La carte buissonni\u00e8re\" data-secret=\"HKOt9gFA5R\" frameborder=\"0\" marginwidth=\"0\" marginheight=\"0\" scrolling=\"no\" class=\"wp-embedded-content\"><\/iframe><script>\n\/*! This file is auto-generated *\/\n!function(d,l){\"use strict\";l.querySelector&&d.addEventListener&&\"undefined\"!=typeof URL&&(d.wp=d.wp||{},d.wp.receiveEmbedMessage||(d.wp.receiveEmbedMessage=function(e){var t=e.data;if((t||t.secret||t.message||t.value)&&!\/[^a-zA-Z0-9]\/.test(t.secret)){for(var s,r,n,a=l.querySelectorAll('iframe[data-secret=\"'+t.secret+'\"]'),o=l.querySelectorAll('blockquote[data-secret=\"'+t.secret+'\"]'),c=new RegExp(\"^https?:$\",\"i\"),i=0;i<o.length;i++)o[i].style.display=\"none\";for(i=0;i<a.length;i++)s=a[i],e.source===s.contentWindow&&(s.removeAttribute(\"style\"),\"height\"===t.message?(1e3<(r=parseInt(t.value,10))?r=1e3:~~r<200&&(r=200),s.height=r):\"link\"===t.message&&(r=new URL(s.getAttribute(\"src\")),n=new URL(t.value),c.test(n.protocol))&&n.host===r.host&&l.activeElement===s&&(d.top.location.href=t.value))}},d.addEventListener(\"message\",d.wp.receiveEmbedMessage,!1),l.addEventListener(\"DOMContentLoaded\",function(){for(var e,t,s=l.querySelectorAll(\"iframe.wp-embedded-content\"),r=0;r<s.length;r++)(t=(e=s[r]).getAttribute(\"data-secret\"))||(t=Math.random().toString(36).substring(2,12),e.src+=\"#?secret=\"+t,e.setAttribute(\"data-secret\",t)),e.contentWindow.postMessage({message:\"ready\",secret:t},\"*\")},!1)))}(window,document);\n\/\/# sourceURL=https:\/\/lacartebuissonniere.fr\/wp-includes\/js\/wp-embed.min.js\n<\/script>\n","description":"Le calendrier r\u00e9publicain fran\u00e7ais commence avec l\u2019automne, le 1er vend\u00e9miaire, aux alentours de l\u2019\u00e9quinoxe de septembre, le 22 ou 23. Que ce soit le jour du raisin ne rel\u00e8ve nullement du hasard, ne serait-ce que parce que Fabre d&rsquo;\u00c9glantine a fait d\u00e9river vend\u00e9miaire du latin vindemia qui signifie \u00ab\u00a0vendange\u00a0\u00bb. Les r\u00e9volutionnaires souhaitaient rompre avec les [&hellip;]","thumbnail_url":"https:\/\/lacartebuissonniere.fr\/wp-content\/uploads\/2025\/09\/2ED4DFD3-0143-45A5-8D40-DFB99A48F4F5_1_201_a-1.jpeg","thumbnail_width":627,"thumbnail_height":960}